{"id":17,"date":"2020-04-06T15:16:05","date_gmt":"2020-04-06T15:16:05","guid":{"rendered":"https:\/\/2020.doktagung.de\/?page_id=17"},"modified":"2021-03-09T10:50:20","modified_gmt":"2021-03-09T10:50:20","slug":"kontakt","status":"publish","type":"page","link":"https:\/\/2020.doktagung.de\/?page_id=17","title":{"rendered":"\u00dcber uns"},"content":{"rendered":"\t\t<div data-elementor-type=\"wp-page\" data-elementor-id=\"17\" class=\"elementor elementor-17\" data-elementor-settings=\"[]\">\n\t\t\t\t\t\t<div class=\"elementor-inner\">\n\t\t\t\t\t\t\t<div class=\"elementor-section-wrap\">\n\t\t\t\t\t\t\t<section class=\"elementor-section elementor-top-section elementor-element elementor-element-1a15aee elementor-section-stretched elementor-section-full_width elementor-section-height-full elementor-section-height-default elementor-section-items-middle\" data-id=\"1a15aee\" data-element_type=\"section\" data-settings=\"{&quot;stretch_section&quot;:&quot;section-stretched&quot;,&quot;background_background&quot;:&quot;classic&quot;}\">\n\t\t\t\t\t\t<div class=\"elementor-container elementor-column-gap-default\">\n\t\t\t\t\t\t\t<div class=\"elementor-row\">\n\t\t\t\t\t<div class=\"elementor-column elementor-col-100 elementor-top-column elementor-element elementor-element-8e0f478\" data-id=\"8e0f478\" data-element_type=\"column\">\n\t\t\t<div class=\"elementor-column-wrap elementor-element-populated\">\n\t\t\t\t\t\t\t<div class=\"elementor-widget-wrap\">\n\t\t\t\t\t\t<div class=\"elementor-element elementor-element-9b97611 elementor-widget elementor-widget-heading\" data-id=\"9b97611\" data-element_type=\"widget\" data-widget_type=\"heading.default\">\n\t\t\t\t<div class=\"elementor-widget-container\">\n\t\t\t<h2 class=\"elementor-heading-title elementor-size-default\">\u00dcber uns<\/h2>\t\t<\/div>\n\t\t\t\t<\/div>\n\t\t\t\t\t\t<\/div>\n\t\t\t\t\t<\/div>\n\t\t<\/div>\n\t\t\t\t\t\t\t\t<\/div>\n\t\t\t\t\t<\/div>\n\t\t<\/section>\n\t\t\t\t<section class=\"elementor-section elementor-top-section elementor-element elementor-element-7bb9c345 elementor-section-boxed elementor-section-height-default elementor-section-height-default\" data-id=\"7bb9c345\" data-element_type=\"section\">\n\t\t\t\t\t\t<div class=\"elementor-container elementor-column-gap-default\">\n\t\t\t\t\t\t\t<div class=\"elementor-row\">\n\t\t\t\t\t<div class=\"elementor-column elementor-col-100 elementor-top-column elementor-element elementor-element-5cc1a590\" data-id=\"5cc1a590\" data-element_type=\"column\">\n\t\t\t<div class=\"elementor-column-wrap elementor-element-populated\">\n\t\t\t\t\t\t\t<div class=\"elementor-widget-wrap\">\n\t\t\t\t\t\t<div class=\"elementor-element elementor-element-33a717d1 elementor-widget elementor-widget-text-editor\" data-id=\"33a717d1\" data-element_type=\"widget\" data-widget_type=\"text-editor.default\">\n\t\t\t\t<div class=\"elementor-widget-container\">\n\t\t\t\t\t<div class=\"elementor-text-editor elementor-clearfix\"><p><!-- wp:paragraph --><\/p>\n<p>Die dgv-Doktorand*innentagung wird dieses Mal von einem instituts\u00fcbergreifenden Team organisiert. Damit ihr wisst auf wen ihr euch einlasst, m\u00f6chten wir uns an dieser Stelle kurz vorstellen.\u00a0<\/p>\n<p><!-- \/wp:paragraph --><\/p>\n<p><!-- wp:paragraph --><\/p>\n<p><!-- \/wp:paragraph --><\/p>\n<p><!-- wp:paragraph --><\/p>\n<p><!-- \/wp:paragraph --><\/p><\/div>\n\t\t\t\t<\/div>\n\t\t\t\t<\/div>\n\t\t\t\t\t\t<\/div>\n\t\t\t\t\t<\/div>\n\t\t<\/div>\n\t\t\t\t\t\t\t\t<\/div>\n\t\t\t\t\t<\/div>\n\t\t<\/section>\n\t\t\t\t<section class=\"elementor-section elementor-top-section elementor-element elementor-element-978b595 elementor-section-boxed elementor-section-height-default elementor-section-height-default\" data-id=\"978b595\" data-element_type=\"section\">\n\t\t\t\t\t\t<div class=\"elementor-container elementor-column-gap-default\">\n\t\t\t\t\t\t\t<div class=\"elementor-row\">\n\t\t\t\t\t<div class=\"elementor-column elementor-col-100 elementor-top-column elementor-element elementor-element-d03cf9d\" data-id=\"d03cf9d\" data-element_type=\"column\">\n\t\t\t<div class=\"elementor-column-wrap elementor-element-populated\">\n\t\t\t\t\t\t\t<div class=\"elementor-widget-wrap\">\n\t\t\t\t\t\t<div class=\"elementor-element elementor-element-8559380 elementor-widget elementor-widget-heading\" data-id=\"8559380\" data-element_type=\"widget\" data-widget_type=\"heading.default\">\n\t\t\t\t<div class=\"elementor-widget-container\">\n\t\t\t<h2 class=\"elementor-heading-title elementor-size-default\">Das Team \n<\/h2>\t\t<\/div>\n\t\t\t\t<\/div>\n\t\t\t\t\t\t<\/div>\n\t\t\t\t\t<\/div>\n\t\t<\/div>\n\t\t\t\t\t\t\t\t<\/div>\n\t\t\t\t\t<\/div>\n\t\t<\/section>\n\t\t\t\t<section class=\"elementor-section elementor-top-section elementor-element elementor-element-cda73c5 elementor-section-boxed elementor-section-height-default elementor-section-height-default\" data-id=\"cda73c5\" data-element_type=\"section\">\n\t\t\t\t\t\t<div class=\"elementor-container elementor-column-gap-default\">\n\t\t\t\t\t\t\t<div class=\"elementor-row\">\n\t\t\t\t\t<div class=\"elementor-column elementor-col-50 elementor-top-column elementor-element elementor-element-355ecf8\" data-id=\"355ecf8\" data-element_type=\"column\">\n\t\t\t<div class=\"elementor-column-wrap elementor-element-populated\">\n\t\t\t\t\t\t\t<div class=\"elementor-widget-wrap\">\n\t\t\t\t\t\t<div class=\"elementor-element elementor-element-cf9a40b elementor-widget elementor-widget-image\" data-id=\"cf9a40b\" data-element_type=\"widget\" data-widget_type=\"image.default\">\n\t\t\t\t<div class=\"elementor-widget-container\">\n\t\t\t\t\t<div class=\"elementor-image\">\n\t\t\t\t\t\t\t\t\t\t<img width=\"525\" height=\"641\" src=\"https:\/\/2020.doktagung.de\/wp-content\/uploads\/2021\/03\/20190503_161526-scaled-e1615230306187-768x937.jpg\" class=\"attachment-medium_large size-medium_large\" alt=\"\" loading=\"lazy\" srcset=\"https:\/\/2020.doktagung.de\/wp-content\/uploads\/2021\/03\/20190503_161526-scaled-e1615230306187-768x937.jpg 768w, https:\/\/2020.doktagung.de\/wp-content\/uploads\/2021\/03\/20190503_161526-scaled-e1615230306187-246x300.jpg 246w, https:\/\/2020.doktagung.de\/wp-content\/uploads\/2021\/03\/20190503_161526-scaled-e1615230306187.jpg 819w\" sizes=\"100vw\" \/>\t\t\t\t\t\t\t\t\t\t\t<\/div>\n\t\t\t\t<\/div>\n\t\t\t\t<\/div>\n\t\t\t\t\t\t<\/div>\n\t\t\t\t\t<\/div>\n\t\t<\/div>\n\t\t\t\t<div class=\"elementor-column elementor-col-50 elementor-top-column elementor-element elementor-element-0f851bc\" data-id=\"0f851bc\" data-element_type=\"column\">\n\t\t\t<div class=\"elementor-column-wrap elementor-element-populated\">\n\t\t\t\t\t\t\t<div class=\"elementor-widget-wrap\">\n\t\t\t\t\t\t<div class=\"elementor-element elementor-element-39e874e elementor-widget elementor-widget-image\" data-id=\"39e874e\" data-element_type=\"widget\" data-widget_type=\"image.default\">\n\t\t\t\t<div class=\"elementor-widget-container\">\n\t\t\t\t\t<div class=\"elementor-image\">\n\t\t\t\t\t\t\t\t\t\t<img width=\"188\" height=\"250\" src=\"https:\/\/2020.doktagung.de\/wp-content\/uploads\/2021\/03\/wurzbacher-3f0c597a.jpg\" class=\"attachment-1536x1536 size-1536x1536\" alt=\"\" loading=\"lazy\" sizes=\"100vw\" \/>\t\t\t\t\t\t\t\t\t\t\t<\/div>\n\t\t\t\t<\/div>\n\t\t\t\t<\/div>\n\t\t\t\t\t\t<\/div>\n\t\t\t\t\t<\/div>\n\t\t<\/div>\n\t\t\t\t\t\t\t\t<\/div>\n\t\t\t\t\t<\/div>\n\t\t<\/section>\n\t\t\t\t<section class=\"elementor-section elementor-top-section elementor-element elementor-element-c4e82ac elementor-section-boxed elementor-section-height-default elementor-section-height-default\" data-id=\"c4e82ac\" data-element_type=\"section\">\n\t\t\t\t\t\t<div class=\"elementor-container elementor-column-gap-default\">\n\t\t\t\t\t\t\t<div class=\"elementor-row\">\n\t\t\t\t\t<div class=\"elementor-column elementor-col-100 elementor-top-column elementor-element elementor-element-4728d22\" data-id=\"4728d22\" data-element_type=\"column\">\n\t\t\t<div class=\"elementor-column-wrap elementor-element-populated\">\n\t\t\t\t\t\t\t<div class=\"elementor-widget-wrap\">\n\t\t\t\t\t\t<section class=\"elementor-section elementor-inner-section elementor-element elementor-element-1d59a04 elementor-section-boxed elementor-section-height-default elementor-section-height-default\" data-id=\"1d59a04\" data-element_type=\"section\">\n\t\t\t\t\t\t<div class=\"elementor-container elementor-column-gap-default\">\n\t\t\t\t\t\t\t<div class=\"elementor-row\">\n\t\t\t\t\t<div class=\"elementor-column elementor-col-50 elementor-inner-column elementor-element elementor-element-c7de3c3\" data-id=\"c7de3c3\" data-element_type=\"column\">\n\t\t\t<div class=\"elementor-column-wrap elementor-element-populated\">\n\t\t\t\t\t\t\t<div class=\"elementor-widget-wrap\">\n\t\t\t\t\t\t<div class=\"elementor-element elementor-element-ccb96a0 elementor-widget elementor-widget-text-editor\" data-id=\"ccb96a0\" data-element_type=\"widget\" data-widget_type=\"text-editor.default\">\n\t\t\t\t<div class=\"elementor-widget-container\">\n\t\t\t\t\t<div class=\"elementor-text-editor elementor-clearfix\"><p><strong>Ruth<br \/><\/strong><br \/><em>Zwischen<\/em> Freiburg und M\u00fcnchen verortet, schreibe ich meine Diss \u00fcber Nachhaltigkeitspolitiken im Alpentourismus. <em>Zwischendurch<\/em> bin ich gerne drau\u00dfen unterwegs und in der momentanen \u201e<em>Zwischenzeit<\/em>\u201c fehlt es mir sehr, mich abends mit Freunden zu treffen und \u00fcber gesellschaftliche <em>Zwischenr\u00e4ume<\/em> zu debattieren. Emotional irgendwo <em>zwischen<\/em> unheimlicher Vorfreude und Spannung blicke ich auf den Oktober und unsere Dok-Tagung.<\/p><\/div>\n\t\t\t\t<\/div>\n\t\t\t\t<\/div>\n\t\t\t\t\t\t<\/div>\n\t\t\t\t\t<\/div>\n\t\t<\/div>\n\t\t\t\t<div class=\"elementor-column elementor-col-50 elementor-inner-column elementor-element elementor-element-d6baf17\" data-id=\"d6baf17\" data-element_type=\"column\">\n\t\t\t<div class=\"elementor-column-wrap elementor-element-populated\">\n\t\t\t\t\t\t\t<div class=\"elementor-widget-wrap\">\n\t\t\t\t\t\t<div class=\"elementor-element elementor-element-37dbf5e elementor-widget elementor-widget-text-editor\" data-id=\"37dbf5e\" data-element_type=\"widget\" data-widget_type=\"text-editor.default\">\n\t\t\t\t<div class=\"elementor-widget-container\">\n\t\t\t\t\t<div class=\"elementor-text-editor elementor-clearfix\"><p><strong>Oliver<\/strong><\/p>\n<p><em>Zwischen<\/em> den Welten sozialisiert: von der th\u00fcringischen Provinz ging es nach dem Abitur und Zivildienst zum Studium nach Jena. Geografisch sind <em>dazwischen<\/em> zwar nur ein paar Kilometer, habituell aber ein gro\u00dfer Unterschied. Volkskunde\/Kulturgeschichte studiert &#8211; im Nebenfach Soziologie. <em>Zwischen<\/em> Studienabschluss und jetzigem Forschungsprojekt am Lehrstuhl f\u00fcr Volkskunde und Kulturgeschichte gearbeitet. <em>Inzwischen<\/em> bereits seit Anfang 2020 am Institut f\u00fcr S\u00e4chsische Geschichte und Volkskunde im Forschungsprojekt &#8222;Soziales Erbe&#8220; \u00fcber die Erinnerung an die VEB der DDR besch\u00e4ftigt.<\/p>\n<p><em>Zwischendurch<\/em> ab und zu eine Gitarre in der Hand oder in der Landschaft unterwegs.<\/p><\/div>\n\t\t\t\t<\/div>\n\t\t\t\t<\/div>\n\t\t\t\t\t\t<\/div>\n\t\t\t\t\t<\/div>\n\t\t<\/div>\n\t\t\t\t\t\t\t\t<\/div>\n\t\t\t\t\t<\/div>\n\t\t<\/section>\n\t\t\t\t\t\t<\/div>\n\t\t\t\t\t<\/div>\n\t\t<\/div>\n\t\t\t\t\t\t\t\t<\/div>\n\t\t\t\t\t<\/div>\n\t\t<\/section>\n\t\t\t\t<section class=\"elementor-section elementor-top-section elementor-element elementor-element-57c3467 elementor-section-boxed elementor-section-height-default elementor-section-height-default\" data-id=\"57c3467\" data-element_type=\"section\">\n\t\t\t\t\t\t<div class=\"elementor-container elementor-column-gap-default\">\n\t\t\t\t\t\t\t<div class=\"elementor-row\">\n\t\t\t\t\t<div class=\"elementor-column elementor-col-50 elementor-top-column elementor-element elementor-element-c8a8c01\" data-id=\"c8a8c01\" data-element_type=\"column\">\n\t\t\t<div class=\"elementor-column-wrap elementor-element-populated\">\n\t\t\t\t\t\t\t<div class=\"elementor-widget-wrap\">\n\t\t\t\t\t\t<div class=\"elementor-element elementor-element-728156e elementor-widget elementor-widget-image\" data-id=\"728156e\" data-element_type=\"widget\" data-widget_type=\"image.default\">\n\t\t\t\t<div class=\"elementor-widget-container\">\n\t\t\t\t\t<div class=\"elementor-image\">\n\t\t\t\t\t\t\t\t\t\t<img width=\"525\" height=\"700\" src=\"https:\/\/2020.doktagung.de\/wp-content\/uploads\/2021\/03\/IMG_2830-768x1024.jpg\" class=\"attachment-medium_large size-medium_large\" alt=\"\" loading=\"lazy\" srcset=\"https:\/\/2020.doktagung.de\/wp-content\/uploads\/2021\/03\/IMG_2830-768x1024.jpg 768w, https:\/\/2020.doktagung.de\/wp-content\/uploads\/2021\/03\/IMG_2830-225x300.jpg 225w, https:\/\/2020.doktagung.de\/wp-content\/uploads\/2021\/03\/IMG_2830-rotated.jpg 960w\" sizes=\"100vw\" \/>\t\t\t\t\t\t\t\t\t\t\t<\/div>\n\t\t\t\t<\/div>\n\t\t\t\t<\/div>\n\t\t\t\t\t\t<\/div>\n\t\t\t\t\t<\/div>\n\t\t<\/div>\n\t\t\t\t<div class=\"elementor-column elementor-col-50 elementor-top-column elementor-element elementor-element-b16b002\" data-id=\"b16b002\" data-element_type=\"column\">\n\t\t\t<div class=\"elementor-column-wrap elementor-element-populated\">\n\t\t\t\t\t\t\t<div class=\"elementor-widget-wrap\">\n\t\t\t\t\t\t<div class=\"elementor-element elementor-element-3ce0a10 elementor-widget elementor-widget-image\" data-id=\"3ce0a10\" data-element_type=\"widget\" data-widget_type=\"image.default\">\n\t\t\t\t<div class=\"elementor-widget-container\">\n\t\t\t\t\t<div class=\"elementor-image\">\n\t\t\t\t\t\t\t\t\t\t<img width=\"525\" height=\"524\" src=\"https:\/\/2020.doktagung.de\/wp-content\/uploads\/2021\/03\/Foto_Sarah-Thanner-scaled-e1615230286961-768x766.jpg\" class=\"attachment-medium_large size-medium_large\" alt=\"\" loading=\"lazy\" srcset=\"https:\/\/2020.doktagung.de\/wp-content\/uploads\/2021\/03\/Foto_Sarah-Thanner-scaled-e1615230286961-768x766.jpg 768w, https:\/\/2020.doktagung.de\/wp-content\/uploads\/2021\/03\/Foto_Sarah-Thanner-scaled-e1615230286961-300x300.jpg 300w, https:\/\/2020.doktagung.de\/wp-content\/uploads\/2021\/03\/Foto_Sarah-Thanner-scaled-e1615230286961-1024x1021.jpg 1024w, https:\/\/2020.doktagung.de\/wp-content\/uploads\/2021\/03\/Foto_Sarah-Thanner-scaled-e1615230286961-150x150.jpg 150w, https:\/\/2020.doktagung.de\/wp-content\/uploads\/2021\/03\/Foto_Sarah-Thanner-scaled-e1615230286961-1536x1532.jpg 1536w, https:\/\/2020.doktagung.de\/wp-content\/uploads\/2021\/03\/Foto_Sarah-Thanner-scaled-e1615230286961-2048x2042.jpg 2048w, https:\/\/2020.doktagung.de\/wp-content\/uploads\/2021\/03\/Foto_Sarah-Thanner-scaled-e1615230286961-100x100.jpg 100w\" sizes=\"100vw\" \/>\t\t\t\t\t\t\t\t\t\t\t<\/div>\n\t\t\t\t<\/div>\n\t\t\t\t<\/div>\n\t\t\t\t\t\t<\/div>\n\t\t\t\t\t<\/div>\n\t\t<\/div>\n\t\t\t\t\t\t\t\t<\/div>\n\t\t\t\t\t<\/div>\n\t\t<\/section>\n\t\t\t\t<section class=\"elementor-section elementor-top-section elementor-element elementor-element-8a346d5 elementor-section-boxed elementor-section-height-default elementor-section-height-default\" data-id=\"8a346d5\" data-element_type=\"section\">\n\t\t\t\t\t\t<div class=\"elementor-container elementor-column-gap-default\">\n\t\t\t\t\t\t\t<div class=\"elementor-row\">\n\t\t\t\t\t<div class=\"elementor-column elementor-col-50 elementor-top-column elementor-element elementor-element-549c53a\" data-id=\"549c53a\" data-element_type=\"column\">\n\t\t\t<div class=\"elementor-column-wrap elementor-element-populated\">\n\t\t\t\t\t\t\t<div class=\"elementor-widget-wrap\">\n\t\t\t\t\t\t<div class=\"elementor-element elementor-element-cbe180d elementor-widget elementor-widget-text-editor\" data-id=\"cbe180d\" data-element_type=\"widget\" data-widget_type=\"text-editor.default\">\n\t\t\t\t<div class=\"elementor-widget-container\">\n\t\t\t\t\t<div class=\"elementor-text-editor elementor-clearfix\"><p><strong>Nikolas<br \/><\/strong><br \/><em>Zwischen<\/em> Amberg und Landshut aufgewachsen, zur Schule gegangen und studiert. \u2028Dabei immer <em>zwischen<\/em> Philosophie und Kulturwissenschaften hin und her gewechselt.<br \/><br \/>Kann sich in der Freizeit selten <em>zwischen<\/em> Lesen, Malen oder Schreiben entscheiden.<br \/>Hat regelm\u00e4\u00dfig und mit Begeisterung einen Drahtesel <em>zwischen<\/em> den Beinen.<br \/><br \/><em>Zwischendurch<\/em> ein paar Jahre in der Kinder- und Jugendhilfe gearbeitet und sich <em>zwischenzeitlich<\/em> doch noch daf\u00fcr entschieden nochmal was zu forschen. <em>Inzwischen<\/em> sind sogar schon ein paar Seiten f\u00fcr die Doktorarbeit \u00fcber Bauwagenpl\u00e4tze zusammengekommen.&#8220;<\/p><\/div>\n\t\t\t\t<\/div>\n\t\t\t\t<\/div>\n\t\t\t\t\t\t<\/div>\n\t\t\t\t\t<\/div>\n\t\t<\/div>\n\t\t\t\t<div class=\"elementor-column elementor-col-50 elementor-top-column elementor-element elementor-element-7a6b1d6\" data-id=\"7a6b1d6\" data-element_type=\"column\">\n\t\t\t<div class=\"elementor-column-wrap elementor-element-populated\">\n\t\t\t\t\t\t\t<div class=\"elementor-widget-wrap\">\n\t\t\t\t\t\t<div class=\"elementor-element elementor-element-9155aa7 elementor-widget elementor-widget-text-editor\" data-id=\"9155aa7\" data-element_type=\"widget\" data-widget_type=\"text-editor.default\">\n\t\t\t\t<div class=\"elementor-widget-container\">\n\t\t\t\t\t<div class=\"elementor-text-editor elementor-clearfix\"><p><strong>Sarah<\/strong><br \/><br \/>Nie so gut im Entscheiden gewesen, <em>dazwischen<\/em> immer entschieden studiert. Dann in Regensburg <em>zwischen<\/em> Kulturwissenschaft und Informatik festgeklebt.<\/p>\n<p>Promotionsverstrickt <em>zwischen<\/em> analog und digital &#8211; Augmented Reality auf den Tisch gedacht.<\/p>\n<p>Ohne <em>zwischendrin<\/em> Kritzelv\u00f6gel kritzeln kaum tagungsf\u00e4hig.<\/p>\n<p>In <em>Zwischen(t)r\u00e4umen<\/em> oft mit Pinsel, Kugelschreiber oder Kamera in Wassern\u00e4he unter B\u00e4umen (manchmal auch Menschen) zu finden.<\/p><\/div>\n\t\t\t\t<\/div>\n\t\t\t\t<\/div>\n\t\t\t\t\t\t<\/div>\n\t\t\t\t\t<\/div>\n\t\t<\/div>\n\t\t\t\t\t\t\t\t<\/div>\n\t\t\t\t\t<\/div>\n\t\t<\/section>\n\t\t\t\t\t\t<\/div>\n\t\t\t\t\t\t<\/div>\n\t\t\t\t\t<\/div>\n\t\t","protected":false},"excerpt":{"rendered":"<p>\u00dcber uns Die dgv-Doktorand*innentagung wird dieses Mal von einem instituts\u00fcbergreifenden Team organisiert. Damit ihr wisst auf wen ihr euch einlasst, m\u00f6chten wir uns an dieser Stelle kurz vorstellen.\u00a0 Das Team RuthZwischen Freiburg und M\u00fcnchen verortet, schreibe ich meine Diss \u00fcber Nachhaltigkeitspolitiken im Alpentourismus. Zwischendurch bin ich gerne drau\u00dfen unterwegs und in der momentanen \u201eZwischenzeit\u201c fehlt &hellip; <\/p>\n<p class=\"link-more\"><a href=\"https:\/\/2020.doktagung.de\/?page_id=17\" class=\"more-link\"><span class=\"screen-reader-text\">\u201e\u00dcber uns\u201c<\/span> weiterlesen<\/a><\/p>\n","protected":false},"author":2,"featured_media":0,"parent":0,"menu_order":0,"comment_status":"closed","ping_status":"closed","template":"","meta":[],"yoast_head":"<!-- This site is optimized with the Yoast SEO plugin v15.9.1 - https:\/\/yoast.com\/wordpress\/plugins\/seo\/ -->\n<title>\u00dcber uns - 15. Doktorand*innentagung<\/title>\n<meta name=\"robots\" content=\"index, follow, max-snippet:-1, max-image-preview:large, max-video-preview:-1\" \/>\n<link rel=\"canonical\" href=\"https:\/\/2020.doktagung.de\/?page_id=17\" \/>\n<meta property=\"og:locale\" content=\"de_DE\" \/>\n<meta property=\"og:type\" content=\"article\" \/>\n<meta property=\"og:title\" content=\"\u00dcber uns - 15. Doktorand*innentagung\" \/>\n<meta property=\"og:description\" content=\"\u00dcber uns Die dgv-Doktorand*innentagung wird dieses Mal von einem instituts\u00fcbergreifenden Team organisiert. Damit ihr wisst auf wen ihr euch einlasst, m\u00f6chten wir uns an dieser Stelle kurz vorstellen.\u00a0 Das Team RuthZwischen Freiburg und M\u00fcnchen verortet, schreibe ich meine Diss \u00fcber Nachhaltigkeitspolitiken im Alpentourismus. Zwischendurch bin ich gerne drau\u00dfen unterwegs und in der momentanen \u201eZwischenzeit\u201c fehlt &hellip; \u201e\u00dcber uns\u201c weiterlesen\" \/>\n<meta property=\"og:url\" content=\"https:\/\/2020.doktagung.de\/?page_id=17\" \/>\n<meta property=\"og:site_name\" content=\"15. Doktorand*innentagung\" \/>\n<meta property=\"article:modified_time\" content=\"2021-03-09T10:50:20+00:00\" \/>\n<meta property=\"og:image\" content=\"https:\/\/2020.doktagung.de\/wp-content\/uploads\/2021\/03\/20190503_161526-scaled-e1615230306187-768x937.jpg\" \/>\n<meta name=\"twitter:card\" content=\"summary_large_image\" \/>\n<meta name=\"twitter:label1\" content=\"Gesch\u00e4tzte Lesezeit\">\n\t<meta name=\"twitter:data1\" content=\"3\u00a0Minuten\">\n<script type=\"application\/ld+json\" class=\"yoast-schema-graph\">{\"@context\":\"https:\/\/schema.org\",\"@graph\":[{\"@type\":\"WebSite\",\"@id\":\"https:\/\/2020.doktagung.de\/#website\",\"url\":\"https:\/\/2020.doktagung.de\/\",\"name\":\"15. Doktorand*innentagung\",\"description\":\"\",\"potentialAction\":[{\"@type\":\"SearchAction\",\"target\":\"https:\/\/2020.doktagung.de\/?s={search_term_string}\",\"query-input\":\"required name=search_term_string\"}],\"inLanguage\":\"de\"},{\"@type\":\"ImageObject\",\"@id\":\"https:\/\/2020.doktagung.de\/?page_id=17#primaryimage\",\"inLanguage\":\"de\",\"url\":\"https:\/\/2020.doktagung.de\/wp-content\/uploads\/2021\/03\/20190503_161526-scaled-e1615230306187.jpg\",\"width\":819,\"height\":999},{\"@type\":\"WebPage\",\"@id\":\"https:\/\/2020.doktagung.de\/?page_id=17#webpage\",\"url\":\"https:\/\/2020.doktagung.de\/?page_id=17\",\"name\":\"\\u00dcber uns - 15. Doktorand*innentagung\",\"isPartOf\":{\"@id\":\"https:\/\/2020.doktagung.de\/#website\"},\"primaryImageOfPage\":{\"@id\":\"https:\/\/2020.doktagung.de\/?page_id=17#primaryimage\"},\"datePublished\":\"2020-04-06T15:16:05+00:00\",\"dateModified\":\"2021-03-09T10:50:20+00:00\",\"breadcrumb\":{\"@id\":\"https:\/\/2020.doktagung.de\/?page_id=17#breadcrumb\"},\"inLanguage\":\"de\",\"potentialAction\":[{\"@type\":\"ReadAction\",\"target\":[\"https:\/\/2020.doktagung.de\/?page_id=17\"]}]},{\"@type\":\"BreadcrumbList\",\"@id\":\"https:\/\/2020.doktagung.de\/?page_id=17#breadcrumb\",\"itemListElement\":[{\"@type\":\"ListItem\",\"position\":1,\"item\":{\"@type\":\"WebPage\",\"@id\":\"https:\/\/2020.doktagung.de\/\",\"url\":\"https:\/\/2020.doktagung.de\/\",\"name\":\"Home\"}},{\"@type\":\"ListItem\",\"position\":2,\"item\":{\"@type\":\"WebPage\",\"@id\":\"https:\/\/2020.doktagung.de\/?page_id=17\",\"url\":\"https:\/\/2020.doktagung.de\/?page_id=17\",\"name\":\"\\u00dcber uns\"}}]}]}<\/script>\n<!-- \/ Yoast SEO plugin. -->","_links":{"self":[{"href":"https:\/\/2020.doktagung.de\/index.php?rest_route=\/wp\/v2\/pages\/17"}],"collection":[{"href":"https:\/\/2020.doktagung.de\/index.php?rest_route=\/wp\/v2\/pages"}],"about":[{"href":"https:\/\/2020.doktagung.de\/index.php?rest_route=\/wp\/v2\/types\/page"}],"author":[{"embeddable":true,"href":"https:\/\/2020.doktagung.de\/index.php?rest_route=\/wp\/v2\/users\/2"}],"replies":[{"embeddable":true,"href":"https:\/\/2020.doktagung.de\/index.php?rest_route=%2Fwp%2Fv2%2Fcomments&post=17"}],"version-history":[{"count":34,"href":"https:\/\/2020.doktagung.de\/index.php?rest_route=\/wp\/v2\/pages\/17\/revisions"}],"predecessor-version":[{"id":408,"href":"https:\/\/2020.doktagung.de\/index.php?rest_route=\/wp\/v2\/pages\/17\/revisions\/408"}],"wp:attachment":[{"href":"https:\/\/2020.doktagung.de\/index.php?rest_route=%2Fwp%2Fv2%2Fmedia&parent=17"}],"curies":[{"name":"wp","href":"https:\/\/api.w.org\/{rel}","templated":true}]}}